{"id":32649,"date":"2021-05-18T13:48:39","date_gmt":"2021-05-18T11:48:39","guid":{"rendered":"https:\/\/europeanmannequins.com\/vare\/gadestativ-120-cm\/"},"modified":"2023-09-22T14:23:02","modified_gmt":"2023-09-22T12:23:02","slug":"strassenstaender-120-cm","status":"publish","type":"product","link":"https:\/\/europeanmannequins.com\/de\/waren\/strassenstaender-120-cm\/","title":{"rendered":"Stra\u00dfenst\u00e4nder 120 cm"},"content":{"rendered":"<h2>Stra\u00dfenst\u00e4nder aus der bekannten Stadtm\u00f6belserie SOLID<\/h2>\n<h2 style=\"color: #222222; text-transform: uppercase; line-height: 1.1; text-indent: 0px; letter-spacing: normal; font-family: 'Open Sans', sans-serif; font-size: 19px; font-style: normal; font-weight: 400; margin-top: 20px; margin-bottom: 10px; word-spacing: 0px; white-space: normal; box-sizing: border-box; orphans: 2; widows: 2; background-color: #ffffff; font-variant-ligatures: normal; font-variant-caps: normal; -webkit-text-stroke-width: 0px; text-decoration-style: initial; text-decoration-color: initial;\"><\/h2>\n<p>Der Stra\u00dfenst\u00e4nder ist 120 cm lang.<\/p>\n<p>Kleiderst\u00e4nder f\u00fcr die Stra\u00dfe m\u00fcssen eine gute Qualit\u00e4t und ein gutes Gewicht haben, um nutzbar zu sein.<\/p>\n<p>Dieses Modell ist f\u00fcr den Einsatz auf der Stra\u00dfe gemacht.<\/p>\n<p>Wenn Sie auf der Suche nach Stra\u00dfenregalen mit Frontaufh\u00e4ngung sind, finden Sie hier weitere Informationen: Stra\u00dfenregal mit Frontaufh\u00e4ngung<\/p>\n<p>Wenn Sie sich Stra\u00dfentabellen ansehen m\u00f6chten, k\u00f6nnen Sie sich hier ein Beispiel ansehen: Stra\u00dfentabelle<\/p>\n","protected":false},"excerpt":{"rendered":"<p>Stra\u00dfenst\u00e4nder 120 cm. weit und ca. 160 cm. hoch. Tolles Design und gro\u00dfe Robustheit.<\/p>\n<p>Ein A4-Schilderhalter kann erworben werden<\/p>\n","protected":false},"featured_media":27905,"comment_status":"closed","ping_status":"closed","template":"","meta":{"_acf_changed":false},"product_brand":[],"product_cat":[671,675],"product_tag":[],"class_list":["post-32649","product","type-product","status-publish","has-post-thumbnail","product_cat-strassenmoebel-de","product_cat-strassenstand-de","first","instock","sale","taxable","shipping-taxable","purchasable","product-type-simple"],"acf":[],"yoast_head":"<!-- This site is optimized with the Yoast SEO plugin v28.4 - https:\/\/yoast.com\/product\/yoast-seo-wordpress\/ -->\n<title>Stra\u00dfenst\u00e4nder 120 cm schwarz robust<\/title>\n<meta name=\"description\" content=\"Stra\u00dfenst\u00e4nder 120 cm ist Teil der Stadtm\u00f6belserie \u201eSOLID\u201c, zu der auch weitere Stra\u00dfenst\u00e4nder, Stra\u00dfentische und Stra\u00dfenk\u00f6rbe geh\u00f6ren. Ladenbau und Stra\u00dfenbau\" \/>\n<meta name=\"robots\" content=\"index, follow, max-snippet:-1, max-image-preview:large, max-video-preview:-1\" \/>\n<link rel=\"canonical\" href=\"https:\/\/europeanmannequins.com\/waren\/gadestativ-120-cm\/\" \/>\n<meta property=\"og:locale\" content=\"de_DE\" \/>\n<meta property=\"og:type\" content=\"article\" \/>\n<meta property=\"og:title\" content=\"Stra\u00dfenst\u00e4nder 120 cm schwarz robust\" \/>\n<meta property=\"og:description\" content=\"Stra\u00dfenst\u00e4nder 120 cm ist Teil der Stadtm\u00f6belserie \u201eSOLID\u201c, zu der auch weitere Stra\u00dfenst\u00e4nder, Stra\u00dfentische und Stra\u00dfenk\u00f6rbe geh\u00f6ren. Ladenbau und Stra\u00dfenbau\" \/>\n<meta property=\"og:url\" content=\"https:\/\/europeanmannequins.com\/waren\/gadestativ-120-cm\/\" \/>\n<meta property=\"og:site_name\" content=\"European Mannequins\" \/>\n<meta property=\"article:publisher\" content=\"https:\/\/www.facebook.com\/European-Mannequins-Shop-730455270312249\/?fref=ts\" \/>\n<meta property=\"article:modified_time\" content=\"2023-09-22T12:23:02+00:00\" \/>\n<meta property=\"og:image\" content=\"https:\/\/europeanmannequins.com\/wp-content\/uploads\/2021\/05\/Gadestativ-120-cm.-langt.jpg\" \/>\n\t<meta property=\"og:image:width\" content=\"2048\" \/>\n\t<meta property=\"og:image:height\" content=\"1365\" \/>\n\t<meta property=\"og:image:type\" content=\"image\/jpeg\" \/>\n<meta name=\"twitter:card\" content=\"summary_large_image\" \/>\n<script type=\"application\/ld+json\" class=\"yoast-schema-graph\">{\"@context\":\"https:\\\/\\\/schema.org\",\"@graph\":[{\"@type\":\"WebPage\",\"@id\":\"https:\\\/\\\/europeanmannequins.com\\\/waren\\\/gadestativ-120-cm\\\/\",\"url\":\"https:\\\/\\\/europeanmannequins.com\\\/waren\\\/gadestativ-120-cm\\\/\",\"name\":\"Stra\u00dfenst\u00e4nder 120 cm schwarz robust\",\"isPartOf\":{\"@id\":\"https:\\\/\\\/europeanmannequins.com\\\/#website\"},\"primaryImageOfPage\":{\"@id\":\"https:\\\/\\\/europeanmannequins.com\\\/waren\\\/gadestativ-120-cm\\\/#primaryimage\"},\"image\":{\"@id\":\"https:\\\/\\\/europeanmannequins.com\\\/waren\\\/gadestativ-120-cm\\\/#primaryimage\"},\"thumbnailUrl\":\"https:\\\/\\\/europeanmannequins.com\\\/wp-content\\\/uploads\\\/2021\\\/05\\\/Gadestativ-120-cm.-langt.jpg\",\"datePublished\":\"2021-05-18T11:48:39+00:00\",\"dateModified\":\"2023-09-22T12:23:02+00:00\",\"description\":\"Stra\u00dfenst\u00e4nder 120 cm ist Teil der Stadtm\u00f6belserie \u201eSOLID\u201c, zu der auch weitere Stra\u00dfenst\u00e4nder, Stra\u00dfentische und Stra\u00dfenk\u00f6rbe geh\u00f6ren. Ladenbau und Stra\u00dfenbau\",\"breadcrumb\":{\"@id\":\"https:\\\/\\\/europeanmannequins.com\\\/waren\\\/gadestativ-120-cm\\\/#breadcrumb\"},\"inLanguage\":\"de\",\"potentialAction\":[{\"@type\":\"ReadAction\",\"target\":[\"https:\\\/\\\/europeanmannequins.com\\\/waren\\\/gadestativ-120-cm\\\/\"]}]},{\"@type\":\"ImageObject\",\"inLanguage\":\"de\",\"@id\":\"https:\\\/\\\/europeanmannequins.com\\\/waren\\\/gadestativ-120-cm\\\/#primaryimage\",\"url\":\"https:\\\/\\\/europeanmannequins.com\\\/wp-content\\\/uploads\\\/2021\\\/05\\\/Gadestativ-120-cm.-langt.jpg\",\"contentUrl\":\"https:\\\/\\\/europeanmannequins.com\\\/wp-content\\\/uploads\\\/2021\\\/05\\\/Gadestativ-120-cm.-langt.jpg\",\"width\":2048,\"height\":1365,\"caption\":\"Sch\u00f6ner robuster Stra\u00dfenst\u00e4nder in Schwarz. 120 cm lang\"},{\"@type\":\"BreadcrumbList\",\"@id\":\"https:\\\/\\\/europeanmannequins.com\\\/waren\\\/gadestativ-120-cm\\\/#breadcrumb\",\"itemListElement\":[{\"@type\":\"ListItem\",\"position\":1,\"name\":\"Hjem\",\"item\":\"https:\\\/\\\/europeanmannequins.com\\\/de\\\/\"},{\"@type\":\"ListItem\",\"position\":2,\"name\":\"Butik\",\"item\":\"https:\\\/\\\/europeanmannequins.com\\\/butik\\\/\"},{\"@type\":\"ListItem\",\"position\":3,\"name\":\"Stra\u00dfenst\u00e4nder 120 cm\"}]},{\"@type\":\"WebSite\",\"@id\":\"https:\\\/\\\/europeanmannequins.com\\\/#website\",\"url\":\"https:\\\/\\\/europeanmannequins.com\\\/\",\"name\":\"European Mannequins\",\"description\":\"\",\"publisher\":{\"@id\":\"https:\\\/\\\/europeanmannequins.com\\\/#organization\"},\"potentialAction\":[{\"@type\":\"SearchAction\",\"target\":{\"@type\":\"EntryPoint\",\"urlTemplate\":\"https:\\\/\\\/europeanmannequins.com\\\/?s={search_term_string}\"},\"query-input\":{\"@type\":\"PropertyValueSpecification\",\"valueRequired\":true,\"valueName\":\"search_term_string\"}}],\"inLanguage\":\"de\"},{\"@type\":\"Organization\",\"@id\":\"https:\\\/\\\/europeanmannequins.com\\\/#organization\",\"name\":\"European Mannequins\",\"url\":\"https:\\\/\\\/europeanmannequins.com\\\/\",\"logo\":{\"@type\":\"ImageObject\",\"inLanguage\":\"de\",\"@id\":\"https:\\\/\\\/europeanmannequins.com\\\/#\\\/schema\\\/logo\\\/image\\\/\",\"url\":\"https:\\\/\\\/europeanmannequins.com\\\/wp-content\\\/uploads\\\/2016\\\/01\\\/uropeanmannequins_logo.png\",\"contentUrl\":\"https:\\\/\\\/europeanmannequins.com\\\/wp-content\\\/uploads\\\/2016\\\/01\\\/uropeanmannequins_logo.png\",\"width\":290,\"height\":103,\"caption\":\"European Mannequins\"},\"image\":{\"@id\":\"https:\\\/\\\/europeanmannequins.com\\\/#\\\/schema\\\/logo\\\/image\\\/\"},\"sameAs\":[\"https:\\\/\\\/www.facebook.com\\\/European-Mannequins-Shop-730455270312249\\\/?fref=ts\"]}]}<\/script>\n<!-- \/ Yoast SEO plugin. -->","yoast_head_json":{"title":"Stra\u00dfenst\u00e4nder 120 cm schwarz robust","description":"Stra\u00dfenst\u00e4nder 120 cm ist Teil der Stadtm\u00f6belserie \u201eSOLID\u201c, zu der auch weitere Stra\u00dfenst\u00e4nder, Stra\u00dfentische und Stra\u00dfenk\u00f6rbe geh\u00f6ren. Ladenbau und Stra\u00dfenbau","robots":{"index":"index","follow":"follow","max-snippet":"max-snippet:-1","max-image-preview":"max-image-preview:large","max-video-preview":"max-video-preview:-1"},"canonical":"https:\/\/europeanmannequins.com\/waren\/gadestativ-120-cm\/","og_locale":"de_DE","og_type":"article","og_title":"Stra\u00dfenst\u00e4nder 120 cm schwarz robust","og_description":"Stra\u00dfenst\u00e4nder 120 cm ist Teil der Stadtm\u00f6belserie \u201eSOLID\u201c, zu der auch weitere Stra\u00dfenst\u00e4nder, Stra\u00dfentische und Stra\u00dfenk\u00f6rbe geh\u00f6ren. Ladenbau und Stra\u00dfenbau","og_url":"https:\/\/europeanmannequins.com\/waren\/gadestativ-120-cm\/","og_site_name":"European Mannequins","article_publisher":"https:\/\/www.facebook.com\/European-Mannequins-Shop-730455270312249\/?fref=ts","article_modified_time":"2023-09-22T12:23:02+00:00","og_image":[{"width":2048,"height":1365,"url":"https:\/\/europeanmannequins.com\/wp-content\/uploads\/2021\/05\/Gadestativ-120-cm.-langt.jpg","type":"image\/jpeg"}],"twitter_card":"summary_large_image","schema":{"@context":"https:\/\/schema.org","@graph":[{"@type":"WebPage","@id":"https:\/\/europeanmannequins.com\/waren\/gadestativ-120-cm\/","url":"https:\/\/europeanmannequins.com\/waren\/gadestativ-120-cm\/","name":"Stra\u00dfenst\u00e4nder 120 cm schwarz robust","isPartOf":{"@id":"https:\/\/europeanmannequins.com\/#website"},"primaryImageOfPage":{"@id":"https:\/\/europeanmannequins.com\/waren\/gadestativ-120-cm\/#primaryimage"},"image":{"@id":"https:\/\/europeanmannequins.com\/waren\/gadestativ-120-cm\/#primaryimage"},"thumbnailUrl":"https:\/\/europeanmannequins.com\/wp-content\/uploads\/2021\/05\/Gadestativ-120-cm.-langt.jpg","datePublished":"2021-05-18T11:48:39+00:00","dateModified":"2023-09-22T12:23:02+00:00","description":"Stra\u00dfenst\u00e4nder 120 cm ist Teil der Stadtm\u00f6belserie \u201eSOLID\u201c, zu der auch weitere Stra\u00dfenst\u00e4nder, Stra\u00dfentische und Stra\u00dfenk\u00f6rbe geh\u00f6ren. Ladenbau und Stra\u00dfenbau","breadcrumb":{"@id":"https:\/\/europeanmannequins.com\/waren\/gadestativ-120-cm\/#breadcrumb"},"inLanguage":"de","potentialAction":[{"@type":"ReadAction","target":["https:\/\/europeanmannequins.com\/waren\/gadestativ-120-cm\/"]}]},{"@type":"ImageObject","inLanguage":"de","@id":"https:\/\/europeanmannequins.com\/waren\/gadestativ-120-cm\/#primaryimage","url":"https:\/\/europeanmannequins.com\/wp-content\/uploads\/2021\/05\/Gadestativ-120-cm.-langt.jpg","contentUrl":"https:\/\/europeanmannequins.com\/wp-content\/uploads\/2021\/05\/Gadestativ-120-cm.-langt.jpg","width":2048,"height":1365,"caption":"Sch\u00f6ner robuster Stra\u00dfenst\u00e4nder in Schwarz. 120 cm lang"},{"@type":"BreadcrumbList","@id":"https:\/\/europeanmannequins.com\/waren\/gadestativ-120-cm\/#breadcrumb","itemListElement":[{"@type":"ListItem","position":1,"name":"Hjem","item":"https:\/\/europeanmannequins.com\/de\/"},{"@type":"ListItem","position":2,"name":"Butik","item":"https:\/\/europeanmannequins.com\/butik\/"},{"@type":"ListItem","position":3,"name":"Stra\u00dfenst\u00e4nder 120 cm"}]},{"@type":"WebSite","@id":"https:\/\/europeanmannequins.com\/#website","url":"https:\/\/europeanmannequins.com\/","name":"European Mannequins","description":"","publisher":{"@id":"https:\/\/europeanmannequins.com\/#organization"},"potentialAction":[{"@type":"SearchAction","target":{"@type":"EntryPoint","urlTemplate":"https:\/\/europeanmannequins.com\/?s={search_term_string}"},"query-input":{"@type":"PropertyValueSpecification","valueRequired":true,"valueName":"search_term_string"}}],"inLanguage":"de"},{"@type":"Organization","@id":"https:\/\/europeanmannequins.com\/#organization","name":"European Mannequins","url":"https:\/\/europeanmannequins.com\/","logo":{"@type":"ImageObject","inLanguage":"de","@id":"https:\/\/europeanmannequins.com\/#\/schema\/logo\/image\/","url":"https:\/\/europeanmannequins.com\/wp-content\/uploads\/2016\/01\/uropeanmannequins_logo.png","contentUrl":"https:\/\/europeanmannequins.com\/wp-content\/uploads\/2016\/01\/uropeanmannequins_logo.png","width":290,"height":103,"caption":"European Mannequins"},"image":{"@id":"https:\/\/europeanmannequins.com\/#\/schema\/logo\/image\/"},"sameAs":["https:\/\/www.facebook.com\/European-Mannequins-Shop-730455270312249\/?fref=ts"]}]}},"_links":{"self":[{"href":"https:\/\/europeanmannequins.com\/de\/wp-json\/wp\/v2\/product\/32649","targetHints":{"allow":["GET"]}}],"collection":[{"href":"https:\/\/europeanmannequins.com\/de\/wp-json\/wp\/v2\/product"}],"about":[{"href":"https:\/\/europeanmannequins.com\/de\/wp-json\/wp\/v2\/types\/product"}],"replies":[{"embeddable":true,"href":"https:\/\/europeanmannequins.com\/de\/wp-json\/wp\/v2\/comments?post=32649"}],"wp:featuredmedia":[{"embeddable":true,"href":"https:\/\/europeanmannequins.com\/de\/wp-json\/wp\/v2\/media\/27905"}],"wp:attachment":[{"href":"https:\/\/europeanmannequins.com\/de\/wp-json\/wp\/v2\/media?parent=32649"}],"wp:term":[{"taxonomy":"product_brand","embeddable":true,"href":"https:\/\/europeanmannequins.com\/de\/wp-json\/wp\/v2\/product_brand?post=32649"},{"taxonomy":"product_cat","embeddable":true,"href":"https:\/\/europeanmannequins.com\/de\/wp-json\/wp\/v2\/product_cat?post=32649"},{"taxonomy":"product_tag","embeddable":true,"href":"https:\/\/europeanmannequins.com\/de\/wp-json\/wp\/v2\/product_tag?post=32649"}],"curies":[{"name":"wp","href":"https:\/\/api.w.org\/{rel}","templated":true}]}}